{"id":2587,"date":"2023-02-20T15:51:24","date_gmt":"2023-02-20T15:51:24","guid":{"rendered":"http:\/\/ocantinhodoscabrais.pt\/accommodation\/departamento\/"},"modified":"2023-02-20T15:51:24","modified_gmt":"2023-02-20T15:51:24","slug":"departamento","status":"publish","type":"mphb_room_type","link":"https:\/\/ocantinhodoscabrais.pt\/es\/accommodation\/departamento\/","title":{"rendered":"Departamento"},"content":{"rendered":"<p>Los dos apartamentos fueron dise\u00f1ados para ser c\u00f3modos y combinar con la est\u00e9tica rural del pueblo, con su historia y marca.<\/p>\n<p>Cada uno de ellos tiene capacidad para 8 personas con 3 habitaciones dobles y posibilidad de alojar a dos personas en el sof\u00e1 cama del sal\u00f3n.<\/p>\n<p>Dos de los dormitorios tienen cama de matrimonio y plato de ducha y el tercero es un dormitorio doble con ba\u00f1era.<\/p>\n<p><strong>Los grados:<\/strong><\/p>\n<p>1\u00ba &#8211; Pueden ser 9 personas, si una de ellas es un ni\u00f1o de hasta 12 a\u00f1os, que necesita solicitar una cama supletoria.<\/p>\n<p>2\u00ba &#8211; Si necesita una cama supletoria, env\u00ede un correo electr\u00f3nico para solicitarla.<\/p>\n<p><strong>Caracter\u00edsticas:<\/strong><\/p>\n<p>Cada apartamento tiene 3 dormitorios, 1 cocina y una sala de estar.<\/p>\n<p>El sal\u00f3n consta de:<\/p>\n<p>una salamandra,<\/p>\n<p>Aire condicionado,<\/p>\n<p>Televisi\u00f3n<\/p>\n<p>Un sof\u00e1 cama.<\/p>\n<p>Todas las habitaciones tienen ba\u00f1o privado.<\/p>\n<p><strong>Precio 15\u20ac con desayuno incluido. <\/strong><\/p>\n<p><strong>Pago realizado en el alojamiento.<\/strong><\/p>\n","protected":false},"excerpt":{"rendered":"<p>Los dos apartamentos fueron dise\u00f1ados para ser c\u00f3modos y combinar con la est\u00e9tica rural del pueblo, con su historia y marca. Cada uno de ellos tiene capacidad para 8 personas con 3 habitaciones dobles y posibilidad de alojar a dos personas en el sof\u00e1 cama del sal\u00f3n. Dos de los dormitorios tienen cama de matrimonio&#8230;<\/p>\n","protected":false},"featured_media":0,"menu_order":0,"comment_status":"open","ping_status":"closed","template":"","mphb_room_type_category":[],"mphb_room_type_tag":[],"mphb_room_type_facility":[99,101,96,97,98,100,102],"acf":[],"yoast_head":"<!-- This site is optimized with the Yoast SEO Premium plugin v19.5 (Yoast SEO v20.7) - https:\/\/yoast.com\/wordpress\/plugins\/seo\/ -->\n<title>Departamento - O Cantinho dos Cabrais<\/title>\n<meta name=\"robots\" content=\"index, follow, max-snippet:-1, max-image-preview:large, max-video-preview:-1\" \/>\n<link rel=\"canonical\" href=\"https:\/\/ocantinhodoscabrais.pt\/es\/accommodation\/departamento\/\" \/>\n<meta property=\"og:locale\" content=\"es_ES\" \/>\n<meta property=\"og:type\" content=\"article\" \/>\n<meta property=\"og:title\" content=\"Departamento\" \/>\n<meta property=\"og:description\" content=\"Los dos apartamentos fueron dise\u00f1ados para ser c\u00f3modos y combinar con la est\u00e9tica rural del pueblo, con su historia y marca. Cada uno de ellos tiene capacidad para 8 personas con 3 habitaciones dobles y posibilidad de alojar a dos personas en el sof\u00e1 cama del sal\u00f3n. Dos de los dormitorios tienen cama de matrimonio...\" \/>\n<meta property=\"og:url\" content=\"https:\/\/ocantinhodoscabrais.pt\/es\/accommodation\/departamento\/\" \/>\n<meta property=\"og:site_name\" content=\"O Cantinho dos Cabrais\" \/>\n<meta name=\"twitter:card\" content=\"summary_large_image\" \/>\n<meta name=\"twitter:label1\" content=\"Tiempo de lectura\" \/>\n\t<meta name=\"twitter:data1\" content=\"1 minuto\" \/>\n<script type=\"application\/ld+json\" class=\"yoast-schema-graph\">{\"@context\":\"https:\/\/schema.org\",\"@graph\":[{\"@type\":\"WebPage\",\"@id\":\"https:\/\/ocantinhodoscabrais.pt\/es\/accommodation\/departamento\/\",\"url\":\"https:\/\/ocantinhodoscabrais.pt\/es\/accommodation\/departamento\/\",\"name\":\"Departamento - O Cantinho dos Cabrais\",\"isPartOf\":{\"@id\":\"https:\/\/ocantinhodoscabrais.pt\/#website\"},\"datePublished\":\"2023-02-20T15:51:24+00:00\",\"dateModified\":\"2023-02-20T15:51:24+00:00\",\"breadcrumb\":{\"@id\":\"https:\/\/ocantinhodoscabrais.pt\/es\/accommodation\/departamento\/#breadcrumb\"},\"inLanguage\":\"es\",\"potentialAction\":[{\"@type\":\"ReadAction\",\"target\":[\"https:\/\/ocantinhodoscabrais.pt\/es\/accommodation\/departamento\/\"]}]},{\"@type\":\"BreadcrumbList\",\"@id\":\"https:\/\/ocantinhodoscabrais.pt\/es\/accommodation\/departamento\/#breadcrumb\",\"itemListElement\":[{\"@type\":\"ListItem\",\"position\":1,\"name\":\"In\u00edcio\",\"item\":\"https:\/\/ocantinhodoscabrais.pt\/es\/\"},{\"@type\":\"ListItem\",\"position\":2,\"name\":\"Tipos de Alojamento\",\"item\":\"https:\/\/ocantinhodoscabrais.pt\/accommodation\/\"},{\"@type\":\"ListItem\",\"position\":3,\"name\":\"Departamento\"}]},{\"@type\":\"WebSite\",\"@id\":\"https:\/\/ocantinhodoscabrais.pt\/#website\",\"url\":\"https:\/\/ocantinhodoscabrais.pt\/\",\"name\":\"O Cantinho dos Cabrais\",\"description\":\"Sinta a Natureza\",\"publisher\":{\"@id\":\"https:\/\/ocantinhodoscabrais.pt\/#organization\"},\"potentialAction\":[{\"@type\":\"SearchAction\",\"target\":{\"@type\":\"EntryPoint\",\"urlTemplate\":\"https:\/\/ocantinhodoscabrais.pt\/?s={search_term_string}\"},\"query-input\":\"required name=search_term_string\"}],\"inLanguage\":\"es\"},{\"@type\":\"Organization\",\"@id\":\"https:\/\/ocantinhodoscabrais.pt\/#organization\",\"name\":\"O Cantinho dos Cabrais\",\"url\":\"https:\/\/ocantinhodoscabrais.pt\/\",\"logo\":{\"@type\":\"ImageObject\",\"inLanguage\":\"es\",\"@id\":\"https:\/\/ocantinhodoscabrais.pt\/#\/schema\/logo\/image\/\",\"url\":\"https:\/\/ocantinhodoscabrais.pt\/wp-content\/uploads\/2023\/02\/cropped-logo_horizontal.fw_.png\",\"contentUrl\":\"https:\/\/ocantinhodoscabrais.pt\/wp-content\/uploads\/2023\/02\/cropped-logo_horizontal.fw_.png\",\"width\":563,\"height\":109,\"caption\":\"O Cantinho dos Cabrais\"},\"image\":{\"@id\":\"https:\/\/ocantinhodoscabrais.pt\/#\/schema\/logo\/image\/\"}}]}<\/script>\n<!-- \/ Yoast SEO Premium plugin. -->","yoast_head_json":{"title":"Departamento - O Cantinho dos Cabrais","robots":{"index":"index","follow":"follow","max-snippet":"max-snippet:-1","max-image-preview":"max-image-preview:large","max-video-preview":"max-video-preview:-1"},"canonical":"https:\/\/ocantinhodoscabrais.pt\/es\/accommodation\/departamento\/","og_locale":"es_ES","og_type":"article","og_title":"Departamento","og_description":"Los dos apartamentos fueron dise\u00f1ados para ser c\u00f3modos y combinar con la est\u00e9tica rural del pueblo, con su historia y marca. Cada uno de ellos tiene capacidad para 8 personas con 3 habitaciones dobles y posibilidad de alojar a dos personas en el sof\u00e1 cama del sal\u00f3n. Dos de los dormitorios tienen cama de matrimonio...","og_url":"https:\/\/ocantinhodoscabrais.pt\/es\/accommodation\/departamento\/","og_site_name":"O Cantinho dos Cabrais","twitter_card":"summary_large_image","twitter_misc":{"Tiempo de lectura":"1 minuto"},"schema":{"@context":"https:\/\/schema.org","@graph":[{"@type":"WebPage","@id":"https:\/\/ocantinhodoscabrais.pt\/es\/accommodation\/departamento\/","url":"https:\/\/ocantinhodoscabrais.pt\/es\/accommodation\/departamento\/","name":"Departamento - O Cantinho dos Cabrais","isPartOf":{"@id":"https:\/\/ocantinhodoscabrais.pt\/#website"},"datePublished":"2023-02-20T15:51:24+00:00","dateModified":"2023-02-20T15:51:24+00:00","breadcrumb":{"@id":"https:\/\/ocantinhodoscabrais.pt\/es\/accommodation\/departamento\/#breadcrumb"},"inLanguage":"es","potentialAction":[{"@type":"ReadAction","target":["https:\/\/ocantinhodoscabrais.pt\/es\/accommodation\/departamento\/"]}]},{"@type":"BreadcrumbList","@id":"https:\/\/ocantinhodoscabrais.pt\/es\/accommodation\/departamento\/#breadcrumb","itemListElement":[{"@type":"ListItem","position":1,"name":"In\u00edcio","item":"https:\/\/ocantinhodoscabrais.pt\/es\/"},{"@type":"ListItem","position":2,"name":"Tipos de Alojamento","item":"https:\/\/ocantinhodoscabrais.pt\/accommodation\/"},{"@type":"ListItem","position":3,"name":"Departamento"}]},{"@type":"WebSite","@id":"https:\/\/ocantinhodoscabrais.pt\/#website","url":"https:\/\/ocantinhodoscabrais.pt\/","name":"O Cantinho dos Cabrais","description":"Sinta a Natureza","publisher":{"@id":"https:\/\/ocantinhodoscabrais.pt\/#organization"},"potentialAction":[{"@type":"SearchAction","target":{"@type":"EntryPoint","urlTemplate":"https:\/\/ocantinhodoscabrais.pt\/?s={search_term_string}"},"query-input":"required name=search_term_string"}],"inLanguage":"es"},{"@type":"Organization","@id":"https:\/\/ocantinhodoscabrais.pt\/#organization","name":"O Cantinho dos Cabrais","url":"https:\/\/ocantinhodoscabrais.pt\/","logo":{"@type":"ImageObject","inLanguage":"es","@id":"https:\/\/ocantinhodoscabrais.pt\/#\/schema\/logo\/image\/","url":"https:\/\/ocantinhodoscabrais.pt\/wp-content\/uploads\/2023\/02\/cropped-logo_horizontal.fw_.png","contentUrl":"https:\/\/ocantinhodoscabrais.pt\/wp-content\/uploads\/2023\/02\/cropped-logo_horizontal.fw_.png","width":563,"height":109,"caption":"O Cantinho dos Cabrais"},"image":{"@id":"https:\/\/ocantinhodoscabrais.pt\/#\/schema\/logo\/image\/"}}]}},"_links":{"self":[{"href":"https:\/\/ocantinhodoscabrais.pt\/es\/wp-json\/wp\/v2\/mphb_room_type\/2587"}],"collection":[{"href":"https:\/\/ocantinhodoscabrais.pt\/es\/wp-json\/wp\/v2\/mphb_room_type"}],"about":[{"href":"https:\/\/ocantinhodoscabrais.pt\/es\/wp-json\/wp\/v2\/types\/mphb_room_type"}],"replies":[{"embeddable":true,"href":"https:\/\/ocantinhodoscabrais.pt\/es\/wp-json\/wp\/v2\/comments?post=2587"}],"wp:attachment":[{"href":"https:\/\/ocantinhodoscabrais.pt\/es\/wp-json\/wp\/v2\/media?parent=2587"}],"wp:term":[{"taxonomy":"mphb_room_type_category","embeddable":true,"href":"https:\/\/ocantinhodoscabrais.pt\/es\/wp-json\/wp\/v2\/mphb_room_type_category?post=2587"},{"taxonomy":"mphb_room_type_tag","embeddable":true,"href":"https:\/\/ocantinhodoscabrais.pt\/es\/wp-json\/wp\/v2\/mphb_room_type_tag?post=2587"},{"taxonomy":"mphb_room_type_facility","embeddable":true,"href":"https:\/\/ocantinhodoscabrais.pt\/es\/wp-json\/wp\/v2\/mphb_room_type_facility?post=2587"}],"curies":[{"name":"wp","href":"https:\/\/api.w.org\/{rel}","templated":true}]}}