{"id":2442,"date":"2019-09-18T12:05:01","date_gmt":"2019-09-18T12:05:01","guid":{"rendered":"http:\/\/ocantinhodoscabrais.pt\/que-hacer-en-belmonte-y-en-la-comarca\/"},"modified":"2019-09-18T12:05:01","modified_gmt":"2019-09-18T12:05:01","slug":"que-hacer-en-belmonte-y-en-la-comarca","status":"publish","type":"page","link":"https:\/\/ocantinhodoscabrais.pt\/es\/que-hacer-en-belmonte-y-en-la-comarca\/","title":{"rendered":"Qu\u00e9 hacer en Belmonte y en la comarca"},"content":{"rendered":"\n<div class=\"wp-block-getwid-section\" style=\"margin-bottom:50px\"><div class=\"wp-block-getwid-section__wrapper getwid-padding-top-none getwid-padding-bottom-none getwid-padding-left-none getwid-padding-right-none\"><div class=\"wp-block-getwid-section__inner-wrapper\"><div class=\"wp-block-getwid-section__background-holder\"><div class=\"wp-block-getwid-section__background\"><\/div><div class=\"wp-block-getwid-section__foreground\"><\/div><\/div><div class=\"wp-block-getwid-section__content\"><div class=\"wp-block-getwid-section__inner-content\"><\/div><\/div><\/div><\/div><\/div>\n\n\n\n<div class=\"wp-block-columns are-vertically-aligned-center is-layout-flex wp-container-core-columns-layout-1 wp-block-columns-is-layout-flex\">\n<div class=\"wp-block-column is-layout-flow wp-block-column-is-layout-flow\" style=\"flex-basis:10%\"><\/div>\n\n\n\n<div class=\"wp-block-column is-layout-flow wp-block-column-is-layout-flow\" style=\"flex-basis:80%\">\n<figure class=\"wp-block-video\"><video controls=\"\" src=\"http:\/\/ocantinhodoscabrais.pt\/wp-content\/uploads\/2023\/02\/Cantinho-dos-Cabrais.mp4\"><\/video><\/figure>\n<\/div>\n\n\n\n<div class=\"wp-block-column is-layout-flow wp-block-column-is-layout-flow\" style=\"flex-basis:10%\"><\/div>\n<\/div>\n\n\n\n<p><\/p>\n\n\n\n<div class=\"wp-block-columns has-2-columns is-layout-flex wp-container-core-columns-layout-2 wp-block-columns-is-layout-flex\">\n<div class=\"wp-block-column is-layout-flow wp-block-column-is-layout-flow\">\n<div class=\"wp-block-getwid-advanced-heading\" style=\"margin-bottom:40px\"><h2 class=\"wp-block-getwid-advanced-heading__content\" style=\"text-align:center\">\u00a1Explore este hist\u00f3rico pueblo portugu\u00e9s y d\u00e9jese encantar!<\/h2><\/div>\n\n\n\n<p>Belmonte es un pueblo hist\u00f3rico ubicado en la regi\u00f3n Centro de Portugal, conocido por su patrimonio cultural y hermosos paisajes naturales.<\/p>\n\n\n\n<p>Visite el Castillo, descubra el barrio jud\u00edo de Belmonte, la Casa da Torre, explore la Serra da Estrela y pruebe la gastronom\u00eda local.<\/p>\n\n\n\n<div class=\"wp-block-getwid-advanced-spacer getwid-hide-desktop getwid-hide-tablet\" style=\"height:10px\" aria-hidden=\"true\"><\/div>\n<\/div>\n<\/div>\n\n\n\n<div style=\"height:47px\" aria-hidden=\"true\" class=\"wp-block-spacer\"><\/div>\n\n\n\n<hr class=\"wp-block-separator has-css-opacity is-style-wide\">\n\n\n\n<div class=\"wp-block-getwid-advanced-heading\" style=\"margin-bottom:5px;margin-top:81px\"><h2 class=\"wp-block-getwid-advanced-heading__content\" style=\"text-align:center\">Detalles de las actividades disponibles para usted<\/h2><\/div>\n\n\n\n<div style=\"height:40px\" aria-hidden=\"true\" class=\"wp-block-spacer\"><\/div>\n\n\n\n<div class=\"wp-block-getwid-advanced-heading\" style=\"margin-bottom:40px\"><span class=\"wp-block-getwid-advanced-heading__content\" style=\"text-align:left\"><strong>Visitar o Castelo de Belmonte: <\/strong>Esta fortaleza del siglo XIII es un hito hist\u00f3rico en la regi\u00f3n y ofrece vistas panor\u00e1micas de la ciudad y las monta\u00f1as circundantes.<br><br><strong>Descobrir a judiaria de Belmonte:<\/strong> Belmonte tiene una rica herencia jud\u00eda y alberga una de las pocas comunidades jud\u00edas de Portugal. Aqu\u00ed puedes visitar la <a href=\"https:\/\/cm-belmonte.pt\/diretorio\/museu-judaico\/\" target=\"_blank\" rel=\"noreferrer noopener\"><strong>Museu Judaico de Belmonte<\/strong><\/a>,que explora la historia y la cultura de los jud\u00edos en Portugal.<br><br><strong>Visitar a Casa da Torre:<\/strong> Esta casa hist\u00f3rica del siglo XV fue el hogar de la familia Cabral, que lider\u00f3 la expedici\u00f3n que descubri\u00f3 Brasil. Ahora es un museo que cuenta la historia de esta familia.<br><br><strong>Explorar a Serra da Estrela:<\/strong> Belmonte se encuentra al pie de la Serra da Estrela, la monta\u00f1a m\u00e1s alta de Portugal continental. Aqu\u00ed se puede practicar senderismo, ciclismo, esqu\u00ed o simplemente disfrutar del entorno natural.<br><br><strong>Provar a gastronomia local:<\/strong> Belmonte es conocido por su deliciosa cocina regional, con \u00e9nfasis en el queso Serra da Estrela, el aceite de oliva, el pan y los dulces conventuales.<br><br>Puede hacerlo visitando el <em>Restaurante O Bernardo<\/em>,situado a escasos metros de nuestro local de alojamiento.<\/span><\/div>\n\n\n\n<div class=\"wp-block-columns has-4-columns is-layout-flex wp-container-core-columns-layout-3 wp-block-columns-is-layout-flex\">\n<div class=\"wp-block-column is-layout-flow wp-block-column-is-layout-flow\">\n<figure class=\"wp-block-image size-large\"><img fetchpriority=\"high\" decoding=\"async\" width=\"1024\" height=\"576\" src=\"http:\/\/ocantinhodoscabrais.pt\/wp-content\/uploads\/2023\/02\/BELMONTE-1-1024x576.png\" alt=\"\" class=\"wp-image-1478\" srcset=\"https:\/\/ocantinhodoscabrais.pt\/wp-content\/uploads\/2023\/02\/BELMONTE-1-1024x576.png 1024w, https:\/\/ocantinhodoscabrais.pt\/wp-content\/uploads\/2023\/02\/BELMONTE-1-600x338.png 600w, https:\/\/ocantinhodoscabrais.pt\/wp-content\/uploads\/2023\/02\/BELMONTE-1-300x169.png 300w, https:\/\/ocantinhodoscabrais.pt\/wp-content\/uploads\/2023\/02\/BELMONTE-1-768x432.png 768w, https:\/\/ocantinhodoscabrais.pt\/wp-content\/uploads\/2023\/02\/BELMONTE-1-892x502.png 892w, https:\/\/ocantinhodoscabrais.pt\/wp-content\/uploads\/2023\/02\/BELMONTE-1.png 1280w\" sizes=\"(max-width: 1024px) 100vw, 1024px\" \/><\/figure>\n\n\n\n<figure class=\"wp-block-image size-large\"><img decoding=\"async\" width=\"1024\" height=\"576\" src=\"http:\/\/ocantinhodoscabrais.pt\/wp-content\/uploads\/2023\/02\/CENTUM-CELLAS-1024x576.png\" alt=\"\" class=\"wp-image-1480\" srcset=\"https:\/\/ocantinhodoscabrais.pt\/wp-content\/uploads\/2023\/02\/CENTUM-CELLAS-1024x576.png 1024w, https:\/\/ocantinhodoscabrais.pt\/wp-content\/uploads\/2023\/02\/CENTUM-CELLAS-600x338.png 600w, https:\/\/ocantinhodoscabrais.pt\/wp-content\/uploads\/2023\/02\/CENTUM-CELLAS-300x169.png 300w, https:\/\/ocantinhodoscabrais.pt\/wp-content\/uploads\/2023\/02\/CENTUM-CELLAS-768x432.png 768w, https:\/\/ocantinhodoscabrais.pt\/wp-content\/uploads\/2023\/02\/CENTUM-CELLAS-892x502.png 892w, https:\/\/ocantinhodoscabrais.pt\/wp-content\/uploads\/2023\/02\/CENTUM-CELLAS.png 1280w\" sizes=\"(max-width: 1024px) 100vw, 1024px\" \/><\/figure>\n\n\n\n<figure class=\"wp-block-image size-large\"><img decoding=\"async\" width=\"1024\" height=\"576\" src=\"http:\/\/ocantinhodoscabrais.pt\/wp-content\/uploads\/2023\/02\/SERRA-DA-ESTRELA-1-1024x576.png\" alt=\"\" class=\"wp-image-1482\" srcset=\"https:\/\/ocantinhodoscabrais.pt\/wp-content\/uploads\/2023\/02\/SERRA-DA-ESTRELA-1-1024x576.png 1024w, https:\/\/ocantinhodoscabrais.pt\/wp-content\/uploads\/2023\/02\/SERRA-DA-ESTRELA-1-600x338.png 600w, https:\/\/ocantinhodoscabrais.pt\/wp-content\/uploads\/2023\/02\/SERRA-DA-ESTRELA-1-300x169.png 300w, https:\/\/ocantinhodoscabrais.pt\/wp-content\/uploads\/2023\/02\/SERRA-DA-ESTRELA-1-768x432.png 768w, https:\/\/ocantinhodoscabrais.pt\/wp-content\/uploads\/2023\/02\/SERRA-DA-ESTRELA-1-892x502.png 892w, https:\/\/ocantinhodoscabrais.pt\/wp-content\/uploads\/2023\/02\/SERRA-DA-ESTRELA-1.png 1280w\" sizes=\"(max-width: 1024px) 100vw, 1024px\" \/><\/figure>\n<\/div>\n\n\n\n<div class=\"wp-block-column is-layout-flow wp-block-column-is-layout-flow\">\n<figure class=\"wp-block-image size-large\"><img loading=\"lazy\" decoding=\"async\" width=\"1024\" height=\"576\" src=\"http:\/\/ocantinhodoscabrais.pt\/wp-content\/uploads\/2023\/02\/CAPELA-NOSSA-SENHORA-DA-ESTRELA-INGUIAS-1024x576.png\" alt=\"\" class=\"wp-image-1479\" srcset=\"https:\/\/ocantinhodoscabrais.pt\/wp-content\/uploads\/2023\/02\/CAPELA-NOSSA-SENHORA-DA-ESTRELA-INGUIAS-1024x576.png 1024w, https:\/\/ocantinhodoscabrais.pt\/wp-content\/uploads\/2023\/02\/CAPELA-NOSSA-SENHORA-DA-ESTRELA-INGUIAS-600x338.png 600w, https:\/\/ocantinhodoscabrais.pt\/wp-content\/uploads\/2023\/02\/CAPELA-NOSSA-SENHORA-DA-ESTRELA-INGUIAS-300x169.png 300w, https:\/\/ocantinhodoscabrais.pt\/wp-content\/uploads\/2023\/02\/CAPELA-NOSSA-SENHORA-DA-ESTRELA-INGUIAS-768x432.png 768w, https:\/\/ocantinhodoscabrais.pt\/wp-content\/uploads\/2023\/02\/CAPELA-NOSSA-SENHORA-DA-ESTRELA-INGUIAS-892x502.png 892w, https:\/\/ocantinhodoscabrais.pt\/wp-content\/uploads\/2023\/02\/CAPELA-NOSSA-SENHORA-DA-ESTRELA-INGUIAS.png 1280w\" sizes=\"(max-width: 1024px) 100vw, 1024px\" \/><\/figure>\n\n\n\n<figure class=\"wp-block-image size-large\"><img loading=\"lazy\" decoding=\"async\" width=\"1024\" height=\"576\" src=\"http:\/\/ocantinhodoscabrais.pt\/wp-content\/uploads\/2023\/02\/INTERIOR-IGREJA-MATRIZ-INGUIAS-1024x576.png\" alt=\"\" class=\"wp-image-1481\" srcset=\"https:\/\/ocantinhodoscabrais.pt\/wp-content\/uploads\/2023\/02\/INTERIOR-IGREJA-MATRIZ-INGUIAS-1024x576.png 1024w, https:\/\/ocantinhodoscabrais.pt\/wp-content\/uploads\/2023\/02\/INTERIOR-IGREJA-MATRIZ-INGUIAS-600x338.png 600w, https:\/\/ocantinhodoscabrais.pt\/wp-content\/uploads\/2023\/02\/INTERIOR-IGREJA-MATRIZ-INGUIAS-300x169.png 300w, https:\/\/ocantinhodoscabrais.pt\/wp-content\/uploads\/2023\/02\/INTERIOR-IGREJA-MATRIZ-INGUIAS-768x432.png 768w, https:\/\/ocantinhodoscabrais.pt\/wp-content\/uploads\/2023\/02\/INTERIOR-IGREJA-MATRIZ-INGUIAS-892x502.png 892w, https:\/\/ocantinhodoscabrais.pt\/wp-content\/uploads\/2023\/02\/INTERIOR-IGREJA-MATRIZ-INGUIAS.png 1280w\" sizes=\"(max-width: 1024px) 100vw, 1024px\" \/><\/figure>\n\n\n\n<figure class=\"wp-block-image size-large\"><img loading=\"lazy\" decoding=\"async\" width=\"1024\" height=\"576\" src=\"http:\/\/ocantinhodoscabrais.pt\/wp-content\/uploads\/2023\/02\/JANEIRO-BAIXO-CIMA-2-1024x576.png\" alt=\"\" class=\"wp-image-1483\" srcset=\"https:\/\/ocantinhodoscabrais.pt\/wp-content\/uploads\/2023\/02\/JANEIRO-BAIXO-CIMA-2-1024x576.png 1024w, https:\/\/ocantinhodoscabrais.pt\/wp-content\/uploads\/2023\/02\/JANEIRO-BAIXO-CIMA-2-600x338.png 600w, https:\/\/ocantinhodoscabrais.pt\/wp-content\/uploads\/2023\/02\/JANEIRO-BAIXO-CIMA-2-300x169.png 300w, https:\/\/ocantinhodoscabrais.pt\/wp-content\/uploads\/2023\/02\/JANEIRO-BAIXO-CIMA-2-768x432.png 768w, https:\/\/ocantinhodoscabrais.pt\/wp-content\/uploads\/2023\/02\/JANEIRO-BAIXO-CIMA-2-892x502.png 892w, https:\/\/ocantinhodoscabrais.pt\/wp-content\/uploads\/2023\/02\/JANEIRO-BAIXO-CIMA-2.png 1280w\" sizes=\"(max-width: 1024px) 100vw, 1024px\" \/><\/figure>\n<\/div>\n<\/div>\n\n\n\n<div style=\"height:50px\" aria-hidden=\"true\" class=\"wp-block-spacer\"><\/div>\n\n\n\n<div class=\"wp-block-getwid-advanced-heading\" style=\"margin-bottom:5px;margin-top:81px\"><h2 class=\"wp-block-getwid-advanced-heading__content\" style=\"text-align:center\">Descubre nuestro pueblo de Inguias, Portugal<\/h2><\/div>\n\n\n\n<div style=\"height:22px\" aria-hidden=\"true\" class=\"wp-block-spacer\"><\/div>\n\n\n\n<div class=\"wp-block-getwid-advanced-heading\" style=\"margin-bottom:40px\"><span class=\"wp-block-getwid-advanced-heading__content\" style=\"text-align:left\"><strong>Inguias<\/strong> es un peque\u00f1o pueblo portugu\u00e9s ubicado en el municipio de Belmonte, en la regi\u00f3n Centro de Portugal. <br><br>Aqu\u00ed hay informaci\u00f3n sobre este encantador pueblo:<br><strong><br>Localiza\u00e7\u00e3o:<\/strong> Inguias se encuentra a unos 5 km al noroeste de Belmonte ya unos 25 km al sur de la ciudad de Guarda.<br><br><strong>Hist\u00f3ria:<\/strong> La historia de Inguias se remonta a la \u00e9poca romana, cuando el pueblo era un importante centro de producci\u00f3n de vino. <br><br>Durante la Edad Media, el pueblo fue un importante punto de paso para los peregrinos que se dirig\u00edan a Santiago de Compostela.<br><br><strong>Patrim\u00f3nio<\/strong>: Inguias cuenta con un rico patrimonio hist\u00f3rico y cultural. Destacan la Iglesia Parroquial de Nossa Senhora da Concei\u00e7\u00e3o, del siglo XVIII, con retablo dorado, y el Pelourinho de Inguias, monumento de granito que data de 1564.<br><br><strong>Festas e eventos:<\/strong> Inguias es conocida por sus festivales y eventos, como la Festa de S\u00e3o Sebasti\u00e3o, que tiene lugar en enero, y la Festa da Nossa Senhora da Concei\u00e7\u00e3o, que tiene lugar en agosto.<br><br><strong>Natureza:<\/strong> Inguias se encuentra en una regi\u00f3n de monta\u00f1as y valles, rodeada de hermosos paisajes naturales. <br><br>Aqu\u00ed se puede practicar senderismo, ciclismo o simplemente.<\/span><\/div>\n\n\n\n<div class=\"wp-block-columns has-2-columns is-layout-flex wp-container-core-columns-layout-4 wp-block-columns-is-layout-flex\">\n<div class=\"wp-block-column is-layout-flow wp-block-column-is-layout-flow\">\n<figure class=\"wp-block-image size-large\"><img loading=\"lazy\" decoding=\"async\" width=\"1024\" height=\"576\" src=\"http:\/\/ocantinhodoscabrais.pt\/wp-content\/uploads\/2023\/02\/INGUIAS-1024x576.png\" alt=\"\" class=\"wp-image-1486\" srcset=\"https:\/\/ocantinhodoscabrais.pt\/wp-content\/uploads\/2023\/02\/INGUIAS-1024x576.png 1024w, https:\/\/ocantinhodoscabrais.pt\/wp-content\/uploads\/2023\/02\/INGUIAS-600x338.png 600w, https:\/\/ocantinhodoscabrais.pt\/wp-content\/uploads\/2023\/02\/INGUIAS-300x169.png 300w, https:\/\/ocantinhodoscabrais.pt\/wp-content\/uploads\/2023\/02\/INGUIAS-768x432.png 768w, https:\/\/ocantinhodoscabrais.pt\/wp-content\/uploads\/2023\/02\/INGUIAS-892x502.png 892w, https:\/\/ocantinhodoscabrais.pt\/wp-content\/uploads\/2023\/02\/INGUIAS.png 1280w\" sizes=\"(max-width: 1024px) 100vw, 1024px\" \/><\/figure>\n\n\n\n<figure class=\"wp-block-image size-large\"><img loading=\"lazy\" decoding=\"async\" width=\"1024\" height=\"576\" src=\"http:\/\/ocantinhodoscabrais.pt\/wp-content\/uploads\/2023\/02\/Cantinho-dos-Cabrais-foto-de-zona-exterior-1024x576.png\" alt=\"\" class=\"wp-image-1490\" srcset=\"https:\/\/ocantinhodoscabrais.pt\/wp-content\/uploads\/2023\/02\/Cantinho-dos-Cabrais-foto-de-zona-exterior-1024x576.png 1024w, https:\/\/ocantinhodoscabrais.pt\/wp-content\/uploads\/2023\/02\/Cantinho-dos-Cabrais-foto-de-zona-exterior-600x338.png 600w, https:\/\/ocantinhodoscabrais.pt\/wp-content\/uploads\/2023\/02\/Cantinho-dos-Cabrais-foto-de-zona-exterior-300x169.png 300w, https:\/\/ocantinhodoscabrais.pt\/wp-content\/uploads\/2023\/02\/Cantinho-dos-Cabrais-foto-de-zona-exterior-768x432.png 768w, https:\/\/ocantinhodoscabrais.pt\/wp-content\/uploads\/2023\/02\/Cantinho-dos-Cabrais-foto-de-zona-exterior-892x502.png 892w, https:\/\/ocantinhodoscabrais.pt\/wp-content\/uploads\/2023\/02\/Cantinho-dos-Cabrais-foto-de-zona-exterior.png 1280w\" sizes=\"(max-width: 1024px) 100vw, 1024px\" \/><\/figure>\n<\/div>\n\n\n\n<div class=\"wp-block-column is-layout-flow wp-block-column-is-layout-flow\">\n<figure class=\"wp-block-image size-large\"><img loading=\"lazy\" decoding=\"async\" width=\"1024\" height=\"576\" src=\"http:\/\/ocantinhodoscabrais.pt\/wp-content\/uploads\/2023\/02\/IGREJA-MATRIZ-INGUIAS-1024x576.png\" alt=\"\" class=\"wp-image-1487\" srcset=\"https:\/\/ocantinhodoscabrais.pt\/wp-content\/uploads\/2023\/02\/IGREJA-MATRIZ-INGUIAS-1024x576.png 1024w, https:\/\/ocantinhodoscabrais.pt\/wp-content\/uploads\/2023\/02\/IGREJA-MATRIZ-INGUIAS-600x338.png 600w, https:\/\/ocantinhodoscabrais.pt\/wp-content\/uploads\/2023\/02\/IGREJA-MATRIZ-INGUIAS-300x169.png 300w, https:\/\/ocantinhodoscabrais.pt\/wp-content\/uploads\/2023\/02\/IGREJA-MATRIZ-INGUIAS-768x432.png 768w, https:\/\/ocantinhodoscabrais.pt\/wp-content\/uploads\/2023\/02\/IGREJA-MATRIZ-INGUIAS-892x502.png 892w, https:\/\/ocantinhodoscabrais.pt\/wp-content\/uploads\/2023\/02\/IGREJA-MATRIZ-INGUIAS.png 1280w\" sizes=\"(max-width: 1024px) 100vw, 1024px\" \/><\/figure>\n\n\n\n<figure class=\"wp-block-image size-large\"><img loading=\"lazy\" decoding=\"async\" width=\"1024\" height=\"576\" src=\"http:\/\/ocantinhodoscabrais.pt\/wp-content\/uploads\/2023\/02\/15-1024x576.png\" alt=\"\" class=\"wp-image-1488\" srcset=\"https:\/\/ocantinhodoscabrais.pt\/wp-content\/uploads\/2023\/02\/15-1024x576.png 1024w, https:\/\/ocantinhodoscabrais.pt\/wp-content\/uploads\/2023\/02\/15-600x338.png 600w, https:\/\/ocantinhodoscabrais.pt\/wp-content\/uploads\/2023\/02\/15-300x169.png 300w, https:\/\/ocantinhodoscabrais.pt\/wp-content\/uploads\/2023\/02\/15-768x432.png 768w, https:\/\/ocantinhodoscabrais.pt\/wp-content\/uploads\/2023\/02\/15-892x502.png 892w, https:\/\/ocantinhodoscabrais.pt\/wp-content\/uploads\/2023\/02\/15.png 1280w\" sizes=\"(max-width: 1024px) 100vw, 1024px\" \/><\/figure>\n<\/div>\n<\/div>\n","protected":false},"excerpt":{"rendered":"<p>Belmonte es un pueblo hist\u00f3rico y encantador, con impresionantes paisajes naturales y una rica cultura portuguesa. Si est\u00e1 buscando una experiencia aut\u00e9ntica en Portugal, Belmonte es el destino perfecto para usted, al igual que nuestro encantador pueblo de Inguias, Portugal.<\/p>\n","protected":false},"author":1,"featured_media":0,"parent":0,"menu_order":0,"comment_status":"closed","ping_status":"closed","template":"template-wide-page.php","meta":{"_acf_changed":false,"inline_featured_image":false,"footnotes":""},"acf":[],"yoast_head":"<!-- This site is optimized with the Yoast SEO Premium plugin v19.5 (Yoast SEO v20.7) - https:\/\/yoast.com\/wordpress\/plugins\/seo\/ -->\n<title>Qu\u00e9 hacer en Belmonte y en la comarca - O Cantinho dos Cabrais<\/title>\n<meta name=\"robots\" content=\"index, follow, max-snippet:-1, max-image-preview:large, max-video-preview:-1\" \/>\n<link rel=\"canonical\" href=\"https:\/\/ocantinhodoscabrais.pt\/es\/que-hacer-en-belmonte-y-en-la-comarca\/\" \/>\n<meta property=\"og:locale\" content=\"es_ES\" \/>\n<meta property=\"og:type\" content=\"article\" \/>\n<meta property=\"og:title\" content=\"Qu\u00e9 hacer en Belmonte y en la comarca\" \/>\n<meta property=\"og:description\" content=\"Belmonte es un pueblo hist\u00f3rico y encantador, con impresionantes paisajes naturales y una rica cultura portuguesa. Si est\u00e1 buscando una experiencia aut\u00e9ntica en Portugal, Belmonte es el destino perfecto para usted, al igual que nuestro encantador pueblo de Inguias, Portugal.\" \/>\n<meta property=\"og:url\" content=\"https:\/\/ocantinhodoscabrais.pt\/es\/que-hacer-en-belmonte-y-en-la-comarca\/\" \/>\n<meta property=\"og:site_name\" content=\"O Cantinho dos Cabrais\" \/>\n<meta property=\"og:image\" content=\"http:\/\/ocantinhodoscabrais.pt\/wp-content\/uploads\/2023\/02\/BELMONTE-1-1024x576.png\" \/>\n<meta name=\"twitter:card\" content=\"summary_large_image\" \/>\n<meta name=\"twitter:label1\" content=\"Tiempo de lectura\" \/>\n\t<meta name=\"twitter:data1\" content=\"2 minutos\" \/>\n<script type=\"application\/ld+json\" class=\"yoast-schema-graph\">{\"@context\":\"https:\/\/schema.org\",\"@graph\":[{\"@type\":\"WebPage\",\"@id\":\"https:\/\/ocantinhodoscabrais.pt\/es\/que-hacer-en-belmonte-y-en-la-comarca\/\",\"url\":\"https:\/\/ocantinhodoscabrais.pt\/es\/que-hacer-en-belmonte-y-en-la-comarca\/\",\"name\":\"Qu\u00e9 hacer en Belmonte y en la comarca - O Cantinho dos Cabrais\",\"isPartOf\":{\"@id\":\"https:\/\/ocantinhodoscabrais.pt\/#website\"},\"datePublished\":\"2019-09-18T12:05:01+00:00\",\"dateModified\":\"2019-09-18T12:05:01+00:00\",\"breadcrumb\":{\"@id\":\"https:\/\/ocantinhodoscabrais.pt\/es\/que-hacer-en-belmonte-y-en-la-comarca\/#breadcrumb\"},\"inLanguage\":\"es\",\"potentialAction\":[{\"@type\":\"ReadAction\",\"target\":[\"https:\/\/ocantinhodoscabrais.pt\/es\/que-hacer-en-belmonte-y-en-la-comarca\/\"]}]},{\"@type\":\"BreadcrumbList\",\"@id\":\"https:\/\/ocantinhodoscabrais.pt\/es\/que-hacer-en-belmonte-y-en-la-comarca\/#breadcrumb\",\"itemListElement\":[{\"@type\":\"ListItem\",\"position\":1,\"name\":\"In\u00edcio\",\"item\":\"https:\/\/ocantinhodoscabrais.pt\/es\/\"},{\"@type\":\"ListItem\",\"position\":2,\"name\":\"Qu\u00e9 hacer en Belmonte y en la comarca\"}]},{\"@type\":\"WebSite\",\"@id\":\"https:\/\/ocantinhodoscabrais.pt\/#website\",\"url\":\"https:\/\/ocantinhodoscabrais.pt\/\",\"name\":\"O Cantinho dos Cabrais\",\"description\":\"Sinta a Natureza\",\"publisher\":{\"@id\":\"https:\/\/ocantinhodoscabrais.pt\/#organization\"},\"potentialAction\":[{\"@type\":\"SearchAction\",\"target\":{\"@type\":\"EntryPoint\",\"urlTemplate\":\"https:\/\/ocantinhodoscabrais.pt\/?s={search_term_string}\"},\"query-input\":\"required name=search_term_string\"}],\"inLanguage\":\"es\"},{\"@type\":\"Organization\",\"@id\":\"https:\/\/ocantinhodoscabrais.pt\/#organization\",\"name\":\"O Cantinho dos Cabrais\",\"url\":\"https:\/\/ocantinhodoscabrais.pt\/\",\"logo\":{\"@type\":\"ImageObject\",\"inLanguage\":\"es\",\"@id\":\"https:\/\/ocantinhodoscabrais.pt\/#\/schema\/logo\/image\/\",\"url\":\"https:\/\/ocantinhodoscabrais.pt\/wp-content\/uploads\/2023\/02\/cropped-logo_horizontal.fw_.png\",\"contentUrl\":\"https:\/\/ocantinhodoscabrais.pt\/wp-content\/uploads\/2023\/02\/cropped-logo_horizontal.fw_.png\",\"width\":563,\"height\":109,\"caption\":\"O Cantinho dos Cabrais\"},\"image\":{\"@id\":\"https:\/\/ocantinhodoscabrais.pt\/#\/schema\/logo\/image\/\"}}]}<\/script>\n<!-- \/ Yoast SEO Premium plugin. -->","yoast_head_json":{"title":"Qu\u00e9 hacer en Belmonte y en la comarca - O Cantinho dos Cabrais","robots":{"index":"index","follow":"follow","max-snippet":"max-snippet:-1","max-image-preview":"max-image-preview:large","max-video-preview":"max-video-preview:-1"},"canonical":"https:\/\/ocantinhodoscabrais.pt\/es\/que-hacer-en-belmonte-y-en-la-comarca\/","og_locale":"es_ES","og_type":"article","og_title":"Qu\u00e9 hacer en Belmonte y en la comarca","og_description":"Belmonte es un pueblo hist\u00f3rico y encantador, con impresionantes paisajes naturales y una rica cultura portuguesa. Si est\u00e1 buscando una experiencia aut\u00e9ntica en Portugal, Belmonte es el destino perfecto para usted, al igual que nuestro encantador pueblo de Inguias, Portugal.","og_url":"https:\/\/ocantinhodoscabrais.pt\/es\/que-hacer-en-belmonte-y-en-la-comarca\/","og_site_name":"O Cantinho dos Cabrais","og_image":[{"url":"http:\/\/ocantinhodoscabrais.pt\/wp-content\/uploads\/2023\/02\/BELMONTE-1-1024x576.png"}],"twitter_card":"summary_large_image","twitter_misc":{"Tiempo de lectura":"2 minutos"},"schema":{"@context":"https:\/\/schema.org","@graph":[{"@type":"WebPage","@id":"https:\/\/ocantinhodoscabrais.pt\/es\/que-hacer-en-belmonte-y-en-la-comarca\/","url":"https:\/\/ocantinhodoscabrais.pt\/es\/que-hacer-en-belmonte-y-en-la-comarca\/","name":"Qu\u00e9 hacer en Belmonte y en la comarca - O Cantinho dos Cabrais","isPartOf":{"@id":"https:\/\/ocantinhodoscabrais.pt\/#website"},"datePublished":"2019-09-18T12:05:01+00:00","dateModified":"2019-09-18T12:05:01+00:00","breadcrumb":{"@id":"https:\/\/ocantinhodoscabrais.pt\/es\/que-hacer-en-belmonte-y-en-la-comarca\/#breadcrumb"},"inLanguage":"es","potentialAction":[{"@type":"ReadAction","target":["https:\/\/ocantinhodoscabrais.pt\/es\/que-hacer-en-belmonte-y-en-la-comarca\/"]}]},{"@type":"BreadcrumbList","@id":"https:\/\/ocantinhodoscabrais.pt\/es\/que-hacer-en-belmonte-y-en-la-comarca\/#breadcrumb","itemListElement":[{"@type":"ListItem","position":1,"name":"In\u00edcio","item":"https:\/\/ocantinhodoscabrais.pt\/es\/"},{"@type":"ListItem","position":2,"name":"Qu\u00e9 hacer en Belmonte y en la comarca"}]},{"@type":"WebSite","@id":"https:\/\/ocantinhodoscabrais.pt\/#website","url":"https:\/\/ocantinhodoscabrais.pt\/","name":"O Cantinho dos Cabrais","description":"Sinta a Natureza","publisher":{"@id":"https:\/\/ocantinhodoscabrais.pt\/#organization"},"potentialAction":[{"@type":"SearchAction","target":{"@type":"EntryPoint","urlTemplate":"https:\/\/ocantinhodoscabrais.pt\/?s={search_term_string}"},"query-input":"required name=search_term_string"}],"inLanguage":"es"},{"@type":"Organization","@id":"https:\/\/ocantinhodoscabrais.pt\/#organization","name":"O Cantinho dos Cabrais","url":"https:\/\/ocantinhodoscabrais.pt\/","logo":{"@type":"ImageObject","inLanguage":"es","@id":"https:\/\/ocantinhodoscabrais.pt\/#\/schema\/logo\/image\/","url":"https:\/\/ocantinhodoscabrais.pt\/wp-content\/uploads\/2023\/02\/cropped-logo_horizontal.fw_.png","contentUrl":"https:\/\/ocantinhodoscabrais.pt\/wp-content\/uploads\/2023\/02\/cropped-logo_horizontal.fw_.png","width":563,"height":109,"caption":"O Cantinho dos Cabrais"},"image":{"@id":"https:\/\/ocantinhodoscabrais.pt\/#\/schema\/logo\/image\/"}}]}},"_links":{"self":[{"href":"https:\/\/ocantinhodoscabrais.pt\/es\/wp-json\/wp\/v2\/pages\/2442"}],"collection":[{"href":"https:\/\/ocantinhodoscabrais.pt\/es\/wp-json\/wp\/v2\/pages"}],"about":[{"href":"https:\/\/ocantinhodoscabrais.pt\/es\/wp-json\/wp\/v2\/types\/page"}],"author":[{"embeddable":true,"href":"https:\/\/ocantinhodoscabrais.pt\/es\/wp-json\/wp\/v2\/users\/1"}],"replies":[{"embeddable":true,"href":"https:\/\/ocantinhodoscabrais.pt\/es\/wp-json\/wp\/v2\/comments?post=2442"}],"version-history":[{"count":0,"href":"https:\/\/ocantinhodoscabrais.pt\/es\/wp-json\/wp\/v2\/pages\/2442\/revisions"}],"wp:attachment":[{"href":"https:\/\/ocantinhodoscabrais.pt\/es\/wp-json\/wp\/v2\/media?parent=2442"}],"curies":[{"name":"wp","href":"https:\/\/api.w.org\/{rel}","templated":true}]}}